{"id":2470,"date":"2021-06-02T12:16:25","date_gmt":"2021-06-02T10:16:25","guid":{"rendered":"https:\/\/www.thueringer-landfrauenverband.info\/?page_id=2470"},"modified":"2026-01-14T15:05:47","modified_gmt":"2026-01-14T13:05:47","slug":"junge-landfrauen-2","status":"publish","type":"page","link":"https:\/\/www.thueringer-landfrauenverband.info\/?page_id=2470","title":{"rendered":"Junge LandFrauen"},"content":{"rendered":"<p>[et_pb_section fb_built=&#8220;1&#8243; next_background_color=&#8220;#ffffff&#8220; admin_label=&#8220;Hero&#8220; _builder_version=&#8220;4.27.3&#8243; background_color=&#8220;#E09900&#8243; background_color_gradient_direction=&#8220;271deg&#8220; background_image=&#8220;https:\/\/www.thueringer-landfrauenverband.info\/wp-content\/uploads\/2025\/01\/Screenshot-2025-01-22-104243.png&#8220; background_position=&#8220;center_right&#8220; background_horizontal_offset=&#8220;-9%&#8220; min_height=&#8220;392.3px&#8220; custom_margin=&#8220;||70px|||&#8220; custom_padding=&#8220;0px||54px||false|false&#8220; bottom_divider_style=&#8220;curve&#8220; border_width_top=&#8220;2px&#8220; border_color_top=&#8220;#0c71c3&#8243; global_colors_info=&#8220;{}&#8220;][et_pb_row make_equal=&#8220;on&#8220; _builder_version=&#8220;4.24.0&#8243; background_color=&#8220;rgba(221,221,221,0)&#8220; background_size=&#8220;initial&#8220; background_position=&#8220;top_left&#8220; background_repeat=&#8220;repeat&#8220; width=&#8220;55%&#8220; max_width=&#8220;123%&#8220; module_alignment=&#8220;center&#8220; min_height=&#8220;262px&#8220; height=&#8220;0px&#8220; custom_margin=&#8220;74px|0px|-481px|138px|false|false&#8220; custom_padding=&#8220;|264px|0px|248px|false|false&#8220; filter_hue_rotate=&#8220;157deg&#8220; filter_saturate=&#8220;124%&#8220; filter_brightness=&#8220;121%&#8220; filter_contrast=&#8220;118%&#8220; filter_sepia=&#8220;22%&#8220; use_custom_width=&#8220;on&#8220; width_unit=&#8220;off&#8220; custom_width_percent=&#8220;100%&#8220; global_colors_info=&#8220;{}&#8220;][et_pb_column type=&#8220;4_4&#8243; _builder_version=&#8220;4.24.0&#8243; _module_preset=&#8220;default&#8220; global_colors_info=&#8220;{}&#8220;][et_pb_text _builder_version=&#8220;4.27.3&#8243; text_font=&#8220;||||||||&#8220; text_text_color=&#8220;#000000&#8243; text_font_size=&#8220;15px&#8220; header_font=&#8220;|700|||||||&#8220; header_text_color=&#8220;#000000&#8243; header_font_size=&#8220;35px&#8220; header_line_height=&#8220;1.3em&#8220; header_2_text_color=&#8220;#000000&#8243; header_3_text_color=&#8220;#000000&#8243; background_layout=&#8220;dark&#8220; min_height=&#8220;219.5px&#8220; custom_margin=&#8220;||0px|&#8220; custom_padding=&#8220;|||134px||&#8220; animation_style=&#8220;slide&#8220; animation_direction=&#8220;right&#8220; animation_delay=&#8220;150ms&#8220; animation_intensity_slide=&#8220;84%&#8220; animation_starting_opacity=&#8220;70%&#8220; text_text_shadow_style=&#8220;preset1&#8243; text_text_shadow_color=&#8220;#00459b&#8220; header_text_shadow_style=&#8220;preset3&#8243; header_text_shadow_color=&#8220;#00459b&#8220; global_colors_info=&#8220;{}&#8220;]<\/p>\n<h1><em><\/em><\/h1>\n<h1><em><\/em><\/h1>\n<h1><em><\/em><\/h1>\n<h1><em><\/em><\/h1>\n<h1><em><\/em><\/h1>\n<h1><em><\/em><\/h1>\n<h1><em><\/em><\/h1>\n<h1><em>Junge LandFrauen <\/em><\/h1>\n<h3><em>mischen <\/em><em>mit &#8211; aber anders\u00a0<\/em><em> <\/em><\/h3>\n<p>[\/et_pb_text][\/et_pb_column][\/et_pb_row][\/et_pb_section][et_pb_section fb_built=&#8220;1&#8243; admin_label=&#8220;About&#8220; _builder_version=&#8220;4.16&#8243; custom_padding=&#8220;4px|0px|101px|0px||&#8220; hover_enabled=&#8220;0&#8243; global_colors_info=&#8220;{}&#8220; sticky_enabled=&#8220;0&#8243;][et_pb_row _builder_version=&#8220;4.27.5&#8243; _module_preset=&#8220;default&#8220; theme_builder_area=&#8220;post_content&#8220; column_structure=&#8220;1_2,1_2&#8243;][et_pb_column _builder_version=&#8220;4.27.5&#8243; _module_preset=&#8220;default&#8220; type=&#8220;1_2&#8243; theme_builder_area=&#8220;post_content&#8220;][et_pb_image src=&#8220;https:\/\/www.thueringer-landfrauenverband.info\/wp-content\/uploads\/2026\/01\/1000219597.jpg&#8220; _builder_version=&#8220;4.27.5&#8243; _module_preset=&#8220;default&#8220; theme_builder_area=&#8220;post_content&#8220; title_text=&#8220;1000219597&#8243; hover_enabled=&#8220;0&#8243; sticky_enabled=&#8220;0&#8243; custom_margin=&#8220;|||30px|false|false&#8220;][\/et_pb_image][et_pb_image src=&#8220;https:\/\/www.thueringer-landfrauenverband.info\/wp-content\/uploads\/2026\/01\/1000219523-scaled.jpg&#8220; _builder_version=&#8220;4.27.5&#8243; _module_preset=&#8220;default&#8220; theme_builder_area=&#8220;post_content&#8220; title_text=&#8220;1000219523&#8243; custom_margin=&#8220;|||80px|false|false&#8220; hover_enabled=&#8220;0&#8243; sticky_enabled=&#8220;0&#8243; height=&#8220;525px&#8220;][\/et_pb_image][\/et_pb_column][et_pb_column _builder_version=&#8220;4.27.5&#8243; _module_preset=&#8220;default&#8220; type=&#8220;1_2&#8243; theme_builder_area=&#8220;post_content&#8220;][et_pb_text _builder_version=&#8220;4.27.5&#8243; _module_preset=&#8220;default&#8220; theme_builder_area=&#8220;post_content&#8220; hover_enabled=&#8220;0&#8243; sticky_enabled=&#8220;0&#8243;]<\/p>\n<h5 class=\"cvGsUA direction-ltr align-justify para-style-body\"><strong><span class=\"a_GcMg font-feature-liga-off font-feature-clig-off font-feature-calt-off text-decoration-none text-strikethrough-none\">Vernetzungstreffen Junge LandFrauen<\/span><\/strong><\/h5>\n<p class=\"cvGsUA direction-ltr align-justify para-style-body\"><span class=\"a_GcMg font-feature-liga-off font-feature-clig-off font-feature-calt-off text-decoration-none text-strikethrough-none\">Was haben Lamas mit Jungen LandFrauen zu tun? Genau das haben sich<\/span><span class=\"a_GcMg font-feature-liga-off font-feature-clig-off font-feature-calt-off text-decoration-none text-strikethrough-none white-space-prewrap\"> <\/span><span class=\"a_GcMg font-feature-liga-off font-feature-clig-off font-feature-calt-off text-decoration-none text-strikethrough-none\">Teilnehmerinnen aus Th\u00fcringen auch gefragt und haben sich auf den Weg nach Herbsleben zu Alina Kroll und den Unstrutlamas gemacht. Die Lamas begr\u00fc\u00dften uns mit freudigen quietschen und rufen, bevor es jedoch los ging, gab es eine Kennenlernrunde. So konnte ein gegenseitiges Vertrauen aufgebaut werden und in lockerer Runde konnten Erfahrungen, Probleme und Sorgen geteilt werden. Nach ein paar kleinen \u00dcbungen zur Stressbew\u00e4ltigung wurden die Lamas zur Wanderung vorbereitet und jede der Teilnehmerinnen konnte ein Lama w\u00e4hlen.<\/span><span class=\"a_GcMg font-feature-liga-off font-feature-clig-off font-feature-calt-off text-decoration-none text-strikethrough-none white-space-prewrap\"> <\/span><\/p>\n<p class=\"cvGsUA direction-ltr align-justify para-style-body\">\n<p class=\"cvGsUA direction-ltr align-justify para-style-body\"><span class=\"a_GcMg font-feature-liga-off font-feature-clig-off font-feature-calt-off text-decoration-none text-strikethrough-none\">Wer hat wen gew\u00e4hlt? Jede von uns Frauen wurde mit einem besonderen Charakter von Lama konfrontiert und herausgefordert, nur mit Konzentration auf das Tier, auf das hier und jetzt, kann man ein Lama gut f\u00fchren. Genau das ist der Punkt: im Hier und Jetzt sein, sich auf die aktuelle Situation konzentrieren und mit Leidenschaft dabei sein \u2013 genau wie die LandFrauenarbeit. Klar ist es nicht immer einfach, ein Lama schert aus der Gruppe aus, das andere will gerade fressen, das andere sich w\u00e4lzen und eines ein Gruppenmitglied provozieren und st\u00e4nkern. Das sind die Situationen denen wir im t\u00e4glichen Leben, im Beruf, der Familie oder dem Vereinsleben, begegnen und die wir Frauen souver\u00e4n meistern m\u00fcssen. Sich auf die aktuelle Situation \u2013 ob Lama oder Mensch \u2013 einlassen und ruhig bleiben, das hilft meistens schon etwas weiter.<\/span><\/p>\n<p class=\"cvGsUA direction-ltr align-justify para-style-body\">\n<p class=\"cvGsUA direction-ltr align-justify para-style-body\"><span class=\"a_GcMg font-feature-liga-off font-feature-clig-off font-feature-calt-off text-decoration-none text-strikethrough-none\">W\u00e4hrend des gesamten Treffens hatten wir die M\u00f6glichkeit, uns auszutauschen und neue Kontakte zu kn\u00fcpfen. Die Atmosph\u00e4re war offen und unterst\u00fctzend, was es uns Frauen leicht machte, sich zu \u00f6ffnen und Erfahrungen zu teilen. Die Vernetzung untereinander war ein wichtiger Aspekt des Treffens, da wir so voneinander lernen und uns gegenseitig unterst\u00fctzen k\u00f6nnen.<\/span><\/p>\n<p class=\"cvGsUA direction-ltr align-justify para-style-body\"><span class=\"a_GcMg font-feature-liga-off font-feature-clig-off font-feature-calt-off text-decoration-none text-strikethrough-none\">Alina Kroll war am Ende von der Energie, dem Austausch und der netten Runde so begeistert, dass sie gleich einen Mitgliedsantrag gestellt hat. So war der Tag in vielerlei Hinsicht erfolgreich!<\/span><\/p>\n<p class=\"cvGsUA direction-ltr align-justify para-style-body\"><span class=\"a_GcMg font-feature-liga-off font-feature-clig-off font-feature-calt-off text-decoration-none text-strikethrough-none\">Wir haben Ihr Interesse geweckt an dem Format Junge LandFrauen teilzuhaben? Dann melden Sie sich gern in der Gesch\u00e4ftsstelle.<\/span><\/p>\n<p class=\"cvGsUA direction-ltr align-justify para-style-body\"><span class=\"a_GcMg font-feature-liga-off font-feature-clig-off font-feature-calt-off text-decoration-none text-strikethrough-none\">Martina Bl\u00fccher<\/span><\/p>\n<p>[\/et_pb_text][\/et_pb_column][\/et_pb_row][et_pb_row column_structure=&#8220;2_5,3_5&#8243; _builder_version=&#8220;4.21.0&#8243; _module_preset=&#8220;default&#8220; background_color=&#8220;rgba(224,153,0,0.15)&#8220; global_colors_info=&#8220;{}&#8220;][et_pb_column type=&#8220;2_5&#8243; _builder_version=&#8220;4.16&#8243; _module_preset=&#8220;default&#8220; global_colors_info=&#8220;{}&#8220;][et_pb_blurb image=&#8220;https:\/\/www.thueringer-landfrauenverband.info\/wp-content\/uploads\/2021\/06\/connections-2099068_1280.png&#8220; image_icon_width=&#8220;63%&#8220; _builder_version=&#8220;4.27.4&#8243; _module_preset=&#8220;default&#8220; custom_margin=&#8220;93px||||false|false&#8220; custom_padding=&#8220;||81px|||&#8220; image_max_width=&#8220;63%&#8220; global_colors_info=&#8220;{}&#8220;][\/et_pb_blurb][\/et_pb_column][et_pb_column type=&#8220;3_5&#8243; _builder_version=&#8220;4.16&#8243; _module_preset=&#8220;default&#8220; global_colors_info=&#8220;{}&#8220;][et_pb_text _builder_version=&#8220;4.27.4&#8243; _module_preset=&#8220;default&#8220; custom_padding=&#8220;|26px||||&#8220; global_colors_info=&#8220;{}&#8220;]<\/p>\n<h3>Junge LandFrauen in Th\u00fcringen vernetzen sich<\/h3>\n<p>&nbsp;<\/p>\n<p>Mit der Initiative<em> \u201eJunge LandFrauen\u201c<\/em> unseres Dachverbandes ist auch in Th\u00fcringen zus\u00e4tzlich zu der klassischen LandFrauenarbeit eine Plattform f\u00fcr die B\u00fcndelung der gemeinsamen Interessen junger LandFrauen \u00fcber ihre Ortsgrenzen hinaus entstanden.<\/p>\n<p>Die geschaffene Plattform macht jungen LandFrauen Mut, sich in den bestehenden Vereinen und Verb\u00e4nden f\u00fcr ihre Themen einzusetzen. Durch Schulungen und ein starkes Netzwerk werden sie auch dabei unterst\u00fctzt neue Ortsvereine entstehen zu lassen. Jungen LandFrauen wird hierdurch schnell bewusst, welcher Mehrwert ihnen hier f\u00fcr ihre eigene Pers\u00f6nlichkeitsentwicklung geboten wird und wie sie das Leben nicht nur im eigenen Verein, sondern in ihrer Region bereichern k\u00f6nnen.<\/p>\n<p>Unser Verband bietet somit vielf\u00e4ltige Perspektiven f\u00fcr ein<br \/>flexibles, langfristiges und zukunftsf\u00e4higes Engagement.<\/p>\n<p>In regelm\u00e4\u00dfigen Abst\u00e4nden werden in Online-Treffen Ideen gesammelt und Ziele definiert, um f\u00fcr die Entwicklung und Probleme des l\u00e4ndlichen Raumes L\u00f6sungen aufzeigen zu k\u00f6nnen. Derzeit befinden wir uns in der Planung einer Auftaktveranstaltung, damit auch der pers\u00f6nliche Austausch vertieft werden kann.<\/p>\n<p>Wenn wir Euer Interesse geweckt haben, oder Ihr mehr Details erfahren wollt, dann w\u00fcrden wir uns freuen von Euch zu h\u00f6ren!<\/p>\n<p>Wie Ihr uns erreichen k\u00f6nnt?<\/p>\n<p>Gesch\u00e4ftsstelle: Th\u00fcringer LandFrauenverband e. V.<br \/>Alfred-Hess-Stra\u00dfe 8<br \/>99094 Erfurt<br \/>Telefon: 0361 6027901<br \/>E-Mail: info@tlv-erfurt.de<\/p>\n<p>Facebook: <a href=\"https:\/\/www.facebook.com\/LandfrauenThueringen\/\" target=\"_blank\" rel=\"noopener\">Th\u00fcringer LandFrauenverband e. V.<\/a><\/p>\n<p>Instagram: <a href=\"https:\/\/www.instagram.com\/thueringerlandfrauen\/\" target=\"_blank\" rel=\"noopener\">@thueringerlandfrauen<\/a><\/p>\n<p>Informiert Euch auch auf <a href=\"https:\/\/www.landfrauen.info\/projekte\/abgeschlossene-projekte\/initiative-junge-landfrauen\" target=\"_blank\" rel=\"noopener\">Deutscher LandFrauenverband e.V.<\/a><\/p>\n<p>&nbsp;<\/p>\n<p>[\/et_pb_text][\/et_pb_column][\/et_pb_row][et_pb_row _builder_version=&#8220;4.27.4&#8243; _module_preset=&#8220;default&#8220; background_color=&#8220;rgba(214,164,117,0.51)&#8220; global_colors_info=&#8220;{}&#8220;][et_pb_column type=&#8220;4_4&#8243; _builder_version=&#8220;4.27.4&#8243; _module_preset=&#8220;default&#8220; global_colors_info=&#8220;{}&#8220;][et_pb_image src=&#8220;https:\/\/www.thueringer-landfrauenverband.info\/wp-content\/uploads\/2025\/03\/JungeLandFrauen.png&#8220; title_text=&#8220;JungeLandFrauen&#8220; url=&#8220;https:\/\/www.landfrauen.info\/fileadmin\/Redaktion\/PDF\/Publikationen\/Zukunft_Ehrenamt\/2019_dlv_JungeLandFrauen_Web.pdf&#8220; url_new_window=&#8220;on&#8220; _builder_version=&#8220;4.27.4&#8243; _module_preset=&#8220;default&#8220; custom_margin=&#8220;|13px|18px|166px|false|false&#8220; global_colors_info=&#8220;{}&#8220;][\/et_pb_image][\/et_pb_column][\/et_pb_row][\/et_pb_section][et_pb_section fb_built=&#8220;1&#8243; theme_builder_area=&#8220;post_content&#8220; _builder_version=&#8220;4.27.5&#8243; _module_preset=&#8220;default&#8220;][\/et_pb_section]<\/p>\n","protected":false},"excerpt":{"rendered":"<p>Junge LandFrauen mischen mit &#8211; aber anders\u00a0 Vernetzungstreffen Junge LandFrauen Was haben Lamas mit Jungen LandFrauen zu tun? Genau das haben sich Teilnehmerinnen aus Th\u00fcringen auch gefragt und haben sich auf den Weg nach Herbsleben zu Alina Kroll und den Unstrutlamas gemacht. Die Lamas begr\u00fc\u00dften uns mit freudigen quietschen und rufen, bevor es jedoch los [&hellip;]<\/p>\n","protected":false},"author":2,"featured_media":0,"parent":0,"menu_order":0,"comment_status":"closed","ping_status":"closed","template":"","meta":{"_et_pb_use_builder":"on","_et_pb_old_content":"","_et_gb_content_width":"","footnotes":""},"class_list":["post-2470","page","type-page","status-publish","hentry"],"_links":{"self":[{"href":"https:\/\/www.thueringer-landfrauenverband.info\/index.php?rest_route=\/wp\/v2\/pages\/2470","targetHints":{"allow":["GET"]}}],"collection":[{"href":"https:\/\/www.thueringer-landfrauenverband.info\/index.php?rest_route=\/wp\/v2\/pages"}],"about":[{"href":"https:\/\/www.thueringer-landfrauenverband.info\/index.php?rest_route=\/wp\/v2\/types\/page"}],"author":[{"embeddable":true,"href":"https:\/\/www.thueringer-landfrauenverband.info\/index.php?rest_route=\/wp\/v2\/users\/2"}],"replies":[{"embeddable":true,"href":"https:\/\/www.thueringer-landfrauenverband.info\/index.php?rest_route=%2Fwp%2Fv2%2Fcomments&post=2470"}],"version-history":[{"count":49,"href":"https:\/\/www.thueringer-landfrauenverband.info\/index.php?rest_route=\/wp\/v2\/pages\/2470\/revisions"}],"predecessor-version":[{"id":5140,"href":"https:\/\/www.thueringer-landfrauenverband.info\/index.php?rest_route=\/wp\/v2\/pages\/2470\/revisions\/5140"}],"wp:attachment":[{"href":"https:\/\/www.thueringer-landfrauenverband.info\/index.php?rest_route=%2Fwp%2Fv2%2Fmedia&parent=2470"}],"curies":[{"name":"wp","href":"https:\/\/api.w.org\/{rel}","templated":true}]}}